{"id":5094,"date":"2021-07-14T01:33:20","date_gmt":"2021-07-14T01:33:20","guid":{"rendered":"http:\/\/www.gimnasiolacima.edu.co\/web\/?page_id=5094"},"modified":"2021-10-08T20:39:33","modified_gmt":"2021-10-08T20:39:33","slug":"formacion-familiar","status":"publish","type":"page","link":"https:\/\/www.gimnasiolacima.edu.co\/web\/formacion-familiar\/","title":{"rendered":"Formaci\u00f3n Familiar"},"content":{"rendered":"<div data-colibri-id=\"5094-c1\" class=\"style-1931 style-local-5094-c1 position-relative\">\n  <!---->\n  <div data-colibri-component=\"section\" data-colibri-id=\"5094-c2\" id=\"overlappable\" class=\"h-section h-section-global-spacing d-flex align-items-lg-center align-items-md-center align-items-center style-3104 style-local-5094-c2 position-relative\">\n    <!---->\n    <!---->\n    <div class=\"h-section-grid-container h-section-boxed-container\">\n      <!---->\n      <div data-colibri-id=\"5094-c3\" class=\"h-row-container gutters-row-lg-2 gutters-row-md-0 gutters-row-2 gutters-row-v-lg-2 gutters-row-v-md-0 gutters-row-v-2 style-3105 style-local-5094-c3 position-relative\">\n        <!---->\n        <div class=\"h-row justify-content-lg-center justify-content-md-center justify-content-center align-items-lg-stretch align-items-md-stretch align-items-stretch gutters-col-lg-2 gutters-col-md-0 gutters-col-2 gutters-col-v-lg-2 gutters-col-v-md-0 gutters-col-v-2\">\n          <!---->\n          <div class=\"h-column h-column-container d-flex h-col-lg-4 h-col-md-4 h-col-12 style-3106-outer style-local-5094-c4-outer\">\n            <div data-colibri-id=\"5094-c4\" class=\"d-flex h-flex-basis h-column__inner h-px-lg-2 h-px-md-3 h-px-2 v-inner-lg-0 v-inner-md-3 v-inner-2 style-3106 style-local-5094-c4 position-relative\">\n              <!---->\n              <!---->\n              <div class=\"w-100 h-y-container h-column__content h-column__v-align flex-basis-100 align-self-lg-start align-self-md-start align-self-start\">\n                <!---->\n                <div data-colibri-id=\"5094-c5\" class=\"h-icon style-3107 style-local-5094-c5 position-relative h-element\">\n                  <!----><span class=\"h-svg-icon h-icon__icon style-3107-icon style-local-5094-c5-icon\"><!--Icon by Font Awesome (https:\/\/fontawesome.com)--><svg version=\"1.1\" xmlns=\"http:\/\/www.w3.org\/2000\/svg\" xmlns:xlink=\"http:\/\/www.w3.org\/1999\/xlink\" id=\"comments\" viewBox=\"0 0 1792 1896.0833\"><path d=\"M1408 768q0 139-94 257t-256.5 186.5T704 1280q-86 0-176-16-124 88-278 128-36 9-86 16h-3q-11 0-20.5-8t-11.5-21q-1-3-1-6.5t.5-6.5 2-6l2.5-5 3.5-5.5 4-5 4.5-5 4-4.5q5-6 23-25t26-29.5 22.5-29 25-38.5 20.5-44q-124-72-195-177T0 768q0-139 94-257t256.5-186.5T704 256t353.5 68.5T1314 511t94 257zm384 256q0 120-71 224.5T1526 1425q10 24 20.5 44t25 38.5 22.5 29 26 29.5 23 25q1 1 4 4.5t4.5 5 4 5 3.5 5.5l2.5 5 2 6 .5 6.5-1 6.5q-3 14-13 22t-22 7q-50-7-86-16-154-40-278-128-90 16-176 16-271 0-472-132 58 4 88 4 161 0 309-45t264-129q125-92 192-212t67-254q0-77-23-152 129 71 204 178t75 230z\"><\/path><\/svg><\/span><\/div>\n                <div\n                  data-colibri-id=\"5094-c6\" class=\"h-global-transition-all h-heading style-3108 style-local-5094-c6 position-relative h-element\">\n                  <!---->\n                  <div class=\"h-heading__outer style-3108 style-local-5094-c6\">\n                    <!---->\n                    <!---->\n                    <h6 class=\"\"><strong>Charla dirigida por:<br>Johanna Alarc\u00f3n<br>(Pedagoga y Psic\u00f3loga)<\/strong><\/h6>\n                  <\/div>\n              <\/div>\n              <div data-colibri-id=\"5094-c7\" class=\"h-text h-text-component style-3109 style-local-5094-c7 position-relative h-element\">\n                <!---->\n                <!---->\n                <div class=\"\">\n                  <ul>\n                    <li>Tema: Emociones en tiempos de crisis.<\/li>\n                    <li>Fecha: 18 de junio de 2021.<\/li>\n                  <\/ul>\n                  <p>\n                    <br>\n                  <\/p>\n                  <p>Charla orientada a brindar estrategias para el desarrollo de la personalidad de nuestros hijos, en tiempos de crisis y en la generaci\u00f3n de cristal.<\/p>\n                <\/div>\n              <\/div>\n            <\/div>\n          <\/div>\n        <\/div>\n        <div class=\"h-column h-column-container d-flex h-col-lg-4 h-col-md-4 h-col-12 style-3106-outer style-local-5094-c8-outer\">\n          <div data-colibri-id=\"5094-c8\" class=\"d-flex h-flex-basis h-column__inner h-px-lg-2 h-px-md-3 h-px-2 v-inner-lg-0 v-inner-md-3 v-inner-2 style-3106 style-local-5094-c8 position-relative\">\n            <!---->\n            <!---->\n            <div class=\"w-100 h-y-container h-column__content h-column__v-align flex-basis-100 align-self-lg-start align-self-md-start align-self-start\">\n              <!---->\n              <div data-colibri-id=\"5094-c9\" class=\"d-block style-3119 style-local-5094-c9 position-relative h-element\">\n                <!---->\n                <div class=\"h-image__frame-container-outer\">\n                  <div class=\"h-image__frame-container\">\n                    <!---->\n                    <!---->\n                    <img decoding=\"async\" src=\"https:\/\/www.gimnasiolacima.edu.co\/web\/wp-content\/uploads\/2021\/09\/cropped-En-Tic-Confio-150x150.png\" class=\"style-3119-image style-local-5094-c9-image\">\n                    <div class=\"h-image__frame h-hide-lg h-hide-md h-hide-sm style-3119-frameImage style-local-5094-c9-frameImage\"><\/div>\n                  <\/div>\n                <\/div>\n              <\/div>\n              <div data-colibri-id=\"5094-c10\" class=\"h-global-transition-all h-heading style-3108 style-local-5094-c10 position-relative h-element\">\n                <!---->\n                <div class=\"h-heading__outer style-3108 style-local-5094-c10\">\n                  <!---->\n                  <!---->\n                  <h6 class=\"\"><strong>Charla dirigida por:<br>Luz Adriana Dusan<br>(Embajadora de las TIC)<\/strong><\/h6>\n                <\/div>\n              <\/div>\n              <div data-colibri-id=\"5094-c11\" class=\"h-text h-text-component style-3109 style-local-5094-c11 position-relative h-element\">\n                <!---->\n                <!---->\n                <div class=\"\">\n                  <ul>\n                    <li>Tema: Roles y deberes en familia.<\/li>\n                    <li>Fecha: 16 de abril de 2021.<\/li>\n                  <\/ul>\n                  <p>\n                    <br>\n                  <\/p>\n                  <p>Conversatorio sobre la importancia de establecer l\u00edmites y formar disciplinas con amor y seguridad.<\/p>\n                  <p>\n                    <br>\n                  <\/p>\n                <\/div>\n              <\/div>\n            <\/div>\n          <\/div>\n        <\/div>\n        <div class=\"h-column h-column-container d-flex h-col-lg-4 h-col-md-4 h-col-12 style-3106-outer style-local-5094-c12-outer\">\n          <div data-colibri-id=\"5094-c12\" class=\"d-flex h-flex-basis h-column__inner h-px-lg-2 h-px-md-3 h-px-2 v-inner-lg-0 v-inner-md-3 v-inner-2 style-3106 style-local-5094-c12 position-relative\">\n            <!---->\n            <!---->\n            <div class=\"w-100 h-y-container h-column__content h-column__v-align flex-basis-100 align-self-lg-start align-self-md-start align-self-start\">\n              <!---->\n              <div data-colibri-id=\"5094-c13\" class=\"d-block style-1937 style-local-5094-c13 position-relative h-element\">\n                <!---->\n                <div class=\"h-image__frame-container-outer\">\n                  <div class=\"h-image__frame-container\">\n                    <!---->\n                    <!---->\n                    <img loading=\"lazy\" decoding=\"async\" width=\"105\" height=\"105\" src=\"https:\/\/www.gimnasiolacima.edu.co\/web\/wp-content\/uploads\/2021\/07\/cropped-2.png\" class=\"wp-image-5162 style-1937-image style-local-5094-c13-image\" alt=\"\" \/>\n                    <div class=\"h-image__frame h-hide-lg h-hide-md h-hide-sm style-1937-frameImage style-local-5094-c13-frameImage\"><\/div>\n                  <\/div>\n                <\/div>\n              <\/div>\n              <div data-colibri-id=\"5094-c14\" class=\"h-global-transition-all h-heading style-3108 style-local-5094-c14 position-relative h-element\">\n                <!---->\n                <div class=\"h-heading__outer style-3108 style-local-5094-c14\">\n                  <!---->\n                  <!---->\n                  <h6 class=\"\"><strong>Charla dirigida por:<br>Andres Gonzales<br>(Grupo Editorial Kairos)<\/strong><\/h6>\n                <\/div>\n              <\/div>\n              <div data-colibri-id=\"5094-c15\" class=\"h-text h-text-component style-3109 style-local-5094-c15 position-relative h-element\">\n                <!---->\n                <!---->\n                <div class=\"\">\n                  <ul>\n                    <li>Tema: Familia y Colegio VS Pandemia.<\/li>\n                    <li>Fecha: 11 de septiembre de 2020.<\/li>\n                  <\/ul>\n                  <p>\n                    <br>Aportes a una nueva realidad familiar, manejo del confinamiento y manejo emocional de todos los miembros de la familia. <\/p>\n                  <p>\n                    <br>\n                  <\/p>\n                <\/div>\n              <\/div>\n            <\/div>\n          <\/div>\n        <\/div>\n      <\/div>\n    <\/div>\n  <\/div>\n<\/div>\n<div data-colibri-component=\"section\" data-colibri-id=\"5094-c16\" id=\"overlappable-2\" class=\"h-section h-section-global-spacing d-flex align-items-lg-center align-items-md-center align-items-center style-3110 style-local-5094-c16 position-relative\">\n  <!---->\n  <!---->\n  <div class=\"h-section-grid-container h-section-boxed-container\">\n    <!---->\n    <div data-colibri-id=\"5094-c17\" class=\"h-row-container gutters-row-lg-2 gutters-row-md-0 gutters-row-2 gutters-row-v-lg-2 gutters-row-v-md-0 gutters-row-v-2 style-3111 style-local-5094-c17 position-relative\">\n      <!---->\n      <div class=\"h-row justify-content-lg-center justify-content-md-center justify-content-center align-items-lg-stretch align-items-md-stretch align-items-stretch gutters-col-lg-2 gutters-col-md-0 gutters-col-2 gutters-col-v-lg-2 gutters-col-v-md-0 gutters-col-v-2\">\n        <!---->\n        <div class=\"h-column h-column-container d-flex h-col-lg-4 h-col-md-4 h-col-12 style-3112-outer style-local-5094-c18-outer\">\n          <div data-colibri-id=\"5094-c18\" class=\"d-flex h-flex-basis h-column__inner h-px-lg-2 h-px-md-3 h-px-2 v-inner-lg-0 v-inner-md-3 v-inner-2 style-3112 style-local-5094-c18 position-relative\">\n            <!---->\n            <!---->\n            <div class=\"w-100 h-y-container h-column__content h-column__v-align flex-basis-100 align-self-lg-start align-self-md-start align-self-start\">\n              <!---->\n              <div data-colibri-id=\"5094-c19\" class=\"d-block style-1949 style-local-5094-c19 position-relative h-element\">\n                <!---->\n                <div class=\"h-image__frame-container-outer\">\n                  <div class=\"h-image__frame-container\">\n                    <!---->\n                    <!---->\n                    <img loading=\"lazy\" decoding=\"async\" width=\"107\" height=\"107\" src=\"https:\/\/www.gimnasiolacima.edu.co\/web\/wp-content\/uploads\/2021\/07\/cropped-3.png\" class=\"wp-image-5164 style-1949-image style-local-5094-c19-image\" alt=\"\" \/>\n                    <div class=\"h-image__frame h-hide-lg h-hide-md h-hide-sm style-1949-frameImage style-local-5094-c19-frameImage\"><\/div>\n                  <\/div>\n                <\/div>\n              <\/div>\n              <div data-colibri-id=\"5094-c20\" class=\"h-global-transition-all h-heading style-3114 style-local-5094-c20 position-relative h-element\">\n                <!---->\n                <div class=\"h-heading__outer style-3114 style-local-5094-c20\">\n                  <!---->\n                  <!---->\n                  <h6 class=\"\"><strong>Charla dirigida por:<br>Marcela Rojas<br>(Embajadora de las TIC)<\/strong><\/h6>\n                <\/div>\n              <\/div>\n              <div data-colibri-id=\"5094-c21\" class=\"h-text h-text-component style-3115 style-local-5094-c21 position-relative h-element\">\n                <!---->\n                <!---->\n                <div class=\"\">\n                  <ul>\n                    <li>Tema: Cuidados y responsabilidades en Internet.<\/li>\n                    <li>Fecha: 27 de Noviembre de 2020.<\/li>\n                  <\/ul>\n                  <p>\n                    <br>\n                  <\/p>\n                  <p>Charla para conocer los diferentes delitos cibern\u00e9ticos y las consecuencias de las interacciones sociales de la red.<\/p>\n                  <p>\n                    <br>\n                  <\/p>\n                <\/div>\n              <\/div>\n            <\/div>\n          <\/div>\n        <\/div>\n        <div class=\"h-column h-column-container d-flex h-col-lg-4 h-col-md-4 h-col-12 style-3112-outer style-local-5094-c22-outer\">\n          <div data-colibri-id=\"5094-c22\" class=\"d-flex h-flex-basis h-column__inner h-px-lg-2 h-px-md-3 h-px-2 v-inner-lg-0 v-inner-md-3 v-inner-2 style-3112 style-local-5094-c22 position-relative\">\n            <!---->\n            <!---->\n            <div class=\"w-100 h-y-container h-column__content h-column__v-align flex-basis-100 align-self-lg-start align-self-md-start align-self-start\">\n              <!---->\n              <div data-colibri-id=\"5094-c23\" class=\"d-block style-1949 style-local-5094-c23 position-relative h-element\">\n                <!---->\n                <div class=\"h-image__frame-container-outer\">\n                  <div class=\"h-image__frame-container\">\n                    <!---->\n                    <!---->\n                    <img loading=\"lazy\" decoding=\"async\" width=\"122\" height=\"122\" src=\"https:\/\/www.gimnasiolacima.edu.co\/web\/wp-content\/uploads\/2021\/07\/cropped-3-c.png\" class=\"wp-image-5166 style-1949-image style-local-5094-c23-image\" alt=\"\" \/>\n                    <div class=\"h-image__frame h-hide-lg h-hide-md h-hide-sm style-1949-frameImage style-local-5094-c23-frameImage\"><\/div>\n                  <\/div>\n                <\/div>\n              <\/div>\n              <div data-colibri-id=\"5094-c24\" class=\"h-global-transition-all h-heading style-3114 style-local-5094-c24 position-relative h-element\">\n                <!---->\n                <div class=\"h-heading__outer style-3114 style-local-5094-c24\">\n                  <!---->\n                  <!---->\n                  <h6 class=\"\"><strong>Charla dirigida por:<br>Nicol\u00e1s Baham\u00f3n<br>(Autor del libro: Pasos para cumplir sue\u00f1os)<\/strong><\/h6>\n                <\/div>\n              <\/div>\n              <div data-colibri-id=\"5094-c25\" class=\"h-text h-text-component style-3115 style-local-5094-c25 position-relative h-element\">\n                <!---->\n                <!---->\n                <div class=\"\">\n                  <ul>\n                    <li>Tema: Todos los padres tenemos inquietudes de crianza.<\/li>\n                    <li>Fecha: 12 de Junio de 2019.<\/li>\n                  <\/ul>\n                  <p>\n                    <br>\n                  <\/p>\n                  <p>Conversatorio sobre los miedos propios de la crianza en las diferentes etapas del desarrollo de nuestros hijos.<\/p>\n                <\/div>\n              <\/div>\n            <\/div>\n          <\/div>\n        <\/div>\n        <div class=\"h-column h-column-container d-flex h-col-lg-4 h-col-md-4 h-col-12 style-3112-outer style-local-5094-c26-outer\">\n          <div data-colibri-id=\"5094-c26\" class=\"d-flex h-flex-basis h-column__inner h-px-lg-2 h-px-md-3 h-px-2 v-inner-lg-0 v-inner-md-3 v-inner-2 style-3112 style-local-5094-c26 position-relative\">\n            <!---->\n            <!---->\n            <div class=\"w-100 h-y-container h-column__content h-column__v-align flex-basis-100 align-self-lg-start align-self-md-start align-self-start\">\n              <!---->\n              <div data-colibri-id=\"5094-c27\" class=\"d-block style-1949 style-local-5094-c27 position-relative h-element\">\n                <!---->\n                <div class=\"h-image__frame-container-outer\">\n                  <div class=\"h-image__frame-container\">\n                    <!---->\n                    <!---->\n                    <img loading=\"lazy\" decoding=\"async\" width=\"127\" height=\"127\" src=\"https:\/\/www.gimnasiolacima.edu.co\/web\/wp-content\/uploads\/2021\/07\/cropped-4.png\" class=\"wp-image-5168 style-1949-image style-local-5094-c27-image\" alt=\"\" \/>\n                    <div class=\"h-image__frame h-hide-lg h-hide-md h-hide-sm style-1949-frameImage style-local-5094-c27-frameImage\"><\/div>\n                  <\/div>\n                <\/div>\n              <\/div>\n              <div data-colibri-id=\"5094-c28\" class=\"h-global-transition-all h-heading style-3114 style-local-5094-c28 position-relative h-element\">\n                <!---->\n                <div class=\"h-heading__outer style-3114 style-local-5094-c28\">\n                  <!---->\n                  <!---->\n                  <h6 class=\"\"><strong>&nbsp;Charla dirigida por:<br>Carlos Mart\u00ednez<br>(Grupo Editorial Kairos)<\/strong><\/h6>\n                <\/div>\n              <\/div>\n              <div data-colibri-id=\"5094-c29\" class=\"h-text h-text-component style-3115 style-local-5094-c29 position-relative h-element\">\n                <!---->\n                <!---->\n                <div class=\"\">\n                  <ul>\n                    <li>Tema: Amor, Autoridad y Respeto.<\/li>\n                    <li>Fecha: 5 de Septiembre de 2019.<\/li>\n                  <\/ul>\n                  <p>\n                    <br>\n                  <\/p>\n                  <p>Estrategias para mantener el control en casa de forma pr\u00e1ctica, divertida y con amor.<\/p>\n                <\/div>\n              <\/div>\n            <\/div>\n          <\/div>\n        <\/div>\n      <\/div>\n    <\/div>\n    <div data-colibri-id=\"5094-c30\" class=\"h-row-container gutters-row-lg-2 gutters-row-md-2 gutters-row-0 gutters-row-v-lg-2 gutters-row-v-md-2 gutters-row-v-2 style-3600 style-local-5094-c30 position-relative\">\n      <!---->\n      <div class=\"h-row justify-content-lg-center justify-content-md-center justify-content-center align-items-lg-stretch align-items-md-stretch align-items-stretch gutters-col-lg-2 gutters-col-md-2 gutters-col-0 gutters-col-v-lg-2 gutters-col-v-md-2 gutters-col-v-2\">\n        <!---->\n        <div class=\"h-column h-column-container d-flex h-col-lg-auto h-col-md-auto h-col-auto style-3601-outer style-local-5094-c31-outer\">\n          <div data-colibri-id=\"5094-c31\" class=\"d-flex h-flex-basis h-column__inner h-px-lg-2 h-px-md-2 h-px-2 v-inner-lg-2 v-inner-md-2 v-inner-2 style-3601 style-local-5094-c31 position-relative\">\n            <!---->\n            <!---->\n            <div class=\"w-100 h-y-container h-column__content h-column__v-align flex-basis-100 align-self-lg-start align-self-md-start align-self-start\">\n              <!---->\n              <div data-colibri-id=\"5094-c32\" class=\"h-x-container style-3602 style-local-5094-c32 position-relative h-element\">\n                <!---->\n                <div class=\"h-x-container-inner style-dynamic-5094-c32-group style-3602-spacing style-local-5094-c32-spacing\"><span class=\"h-button__outer style-3603-outer style-local-5094-c33-outer d-inline-flex h-element\"><a h-use-smooth-scroll=\"true\" href=\"https:\/\/www.gimnasiolacima.edu.co\/web\/admisiones\/\"  data-colibri-id=\"5094-c33\" class=\"d-flex w-100 align-items-center h-button justify-content-lg-center justify-content-md-center justify-content-center style-3603 style-local-5094-c33 position-relative\"><!----><!----> <span>Admisiones<\/span><\/a>\n                  <\/span>\n                <\/div>\n              <\/div>\n            <\/div>\n          <\/div>\n        <\/div>\n      <\/div>\n    <\/div>\n  <\/div>\n<\/div>\n<\/div>","protected":false},"excerpt":{"rendered":"<p>Charla dirigida por:Johanna Alarc\u00f3n(Pedagoga y Psic\u00f3loga) Tema: Emociones en tiempos de crisis. Fecha: 18 de junio de 2021. Charla orientada a brindar estrategias para el desarrollo de la personalidad de nuestros hijos, en tiempos de crisis y en la generaci\u00f3n de cristal. Charla dirigida por:Luz Adriana Dusan(Embajadora de las TIC) Tema: Roles y deberes en [&hellip;]<\/p>\n","protected":false},"author":2,"featured_media":0,"parent":0,"menu_order":0,"comment_status":"closed","ping_status":"closed","template":"page-templates\/full-width-page.php","meta":{"content-type":"","footnotes":""},"class_list":["post-5094","page","type-page","status-publish","hentry"],"yoast_head":"<!-- This site is optimized with the Yoast SEO plugin v26.5 - https:\/\/yoast.com\/wordpress\/plugins\/seo\/ -->\n<title>Formaci\u00f3n Familiar - GIMNASIO LA CIMA<\/title>\n<meta name=\"description\" content=\"Colegios Privados en Suba, Gimnasio La Cima ofrece Formaci\u00f3n a las Familias, Charlas Dirigidas, Amigables, Ambiente Familiar y Sano.\" \/>\n<meta name=\"robots\" content=\"index, follow, max-snippet:-1, max-image-preview:large, max-video-preview:-1\" \/>\n<link rel=\"canonical\" href=\"https:\/\/www.gimnasiolacima.edu.co\/web\/formacion-familiar\/\" \/>\n<meta property=\"og:locale\" content=\"es_ES\" \/>\n<meta property=\"og:type\" content=\"article\" \/>\n<meta property=\"og:title\" content=\"Formaci\u00f3n Familiar - GIMNASIO LA CIMA\" \/>\n<meta property=\"og:description\" content=\"Colegios Privados en Suba, Gimnasio La Cima ofrece Formaci\u00f3n a las Familias, Charlas Dirigidas, Amigables, Ambiente Familiar y Sano.\" \/>\n<meta property=\"og:url\" content=\"https:\/\/www.gimnasiolacima.edu.co\/web\/formacion-familiar\/\" \/>\n<meta property=\"og:site_name\" content=\"GIMNASIO LA CIMA\" \/>\n<meta property=\"article:publisher\" content=\"https:\/\/www.facebook.com\/ColegioGimnasioLaCima\" \/>\n<meta property=\"article:modified_time\" content=\"2021-10-08T20:39:33+00:00\" \/>\n<meta property=\"og:image\" content=\"https:\/\/www.gimnasiolacima.edu.co\/web\/wp-content\/uploads\/2021\/09\/cropped-En-Tic-Confio-150x150.png\" \/>\n<meta name=\"twitter:card\" content=\"summary_large_image\" \/>\n<meta name=\"twitter:label1\" content=\"Tiempo de lectura\" \/>\n\t<meta name=\"twitter:data1\" content=\"1 minuto\" \/>\n<script type=\"application\/ld+json\" class=\"yoast-schema-graph\">{\"@context\":\"https:\/\/schema.org\",\"@graph\":[{\"@type\":\"WebPage\",\"@id\":\"https:\/\/www.gimnasiolacima.edu.co\/web\/formacion-familiar\/\",\"url\":\"https:\/\/www.gimnasiolacima.edu.co\/web\/formacion-familiar\/\",\"name\":\"Formaci\u00f3n Familiar - GIMNASIO LA CIMA\",\"isPartOf\":{\"@id\":\"https:\/\/www.gimnasiolacima.edu.co\/web\/#website\"},\"primaryImageOfPage\":{\"@id\":\"https:\/\/www.gimnasiolacima.edu.co\/web\/formacion-familiar\/#primaryimage\"},\"image\":{\"@id\":\"https:\/\/www.gimnasiolacima.edu.co\/web\/formacion-familiar\/#primaryimage\"},\"thumbnailUrl\":\"https:\/\/www.gimnasiolacima.edu.co\/web\/wp-content\/uploads\/2021\/09\/cropped-En-Tic-Confio-150x150.png\",\"datePublished\":\"2021-07-14T01:33:20+00:00\",\"dateModified\":\"2021-10-08T20:39:33+00:00\",\"description\":\"Colegios Privados en Suba, Gimnasio La Cima ofrece Formaci\u00f3n a las Familias, Charlas Dirigidas, Amigables, Ambiente Familiar y Sano.\",\"breadcrumb\":{\"@id\":\"https:\/\/www.gimnasiolacima.edu.co\/web\/formacion-familiar\/#breadcrumb\"},\"inLanguage\":\"es\",\"potentialAction\":[{\"@type\":\"ReadAction\",\"target\":[\"https:\/\/www.gimnasiolacima.edu.co\/web\/formacion-familiar\/\"]}]},{\"@type\":\"ImageObject\",\"inLanguage\":\"es\",\"@id\":\"https:\/\/www.gimnasiolacima.edu.co\/web\/formacion-familiar\/#primaryimage\",\"url\":\"https:\/\/www.gimnasiolacima.edu.co\/web\/wp-content\/uploads\/2021\/09\/cropped-En-Tic-Confio-150x150.png\",\"contentUrl\":\"https:\/\/www.gimnasiolacima.edu.co\/web\/wp-content\/uploads\/2021\/09\/cropped-En-Tic-Confio-150x150.png\"},{\"@type\":\"BreadcrumbList\",\"@id\":\"https:\/\/www.gimnasiolacima.edu.co\/web\/formacion-familiar\/#breadcrumb\",\"itemListElement\":[{\"@type\":\"ListItem\",\"position\":1,\"name\":\"Portada\",\"item\":\"https:\/\/www.gimnasiolacima.edu.co\/web\/\"},{\"@type\":\"ListItem\",\"position\":2,\"name\":\"Formaci\u00f3n Familiar\"}]},{\"@type\":\"WebSite\",\"@id\":\"https:\/\/www.gimnasiolacima.edu.co\/web\/#website\",\"url\":\"https:\/\/www.gimnasiolacima.edu.co\/web\/\",\"name\":\"GIMNASIO LA CIMA\",\"description\":\"Colegio Privado en Suba Biling\u00fce\",\"publisher\":{\"@id\":\"https:\/\/www.gimnasiolacima.edu.co\/web\/#organization\"},\"potentialAction\":[{\"@type\":\"SearchAction\",\"target\":{\"@type\":\"EntryPoint\",\"urlTemplate\":\"https:\/\/www.gimnasiolacima.edu.co\/web\/?s={search_term_string}\"},\"query-input\":{\"@type\":\"PropertyValueSpecification\",\"valueRequired\":true,\"valueName\":\"search_term_string\"}}],\"inLanguage\":\"es\"},{\"@type\":\"Organization\",\"@id\":\"https:\/\/www.gimnasiolacima.edu.co\/web\/#organization\",\"name\":\"Gimnasio La Cima\",\"url\":\"https:\/\/www.gimnasiolacima.edu.co\/web\/\",\"logo\":{\"@type\":\"ImageObject\",\"inLanguage\":\"es\",\"@id\":\"https:\/\/www.gimnasiolacima.edu.co\/web\/#\/schema\/logo\/image\/\",\"url\":\"http:\/\/www.gimnasiolacima.edu.co\/web\/wp-content\/uploads\/2019\/08\/GLC-Logo-2-768x768.png\",\"contentUrl\":\"http:\/\/www.gimnasiolacima.edu.co\/web\/wp-content\/uploads\/2019\/08\/GLC-Logo-2-768x768.png\",\"width\":768,\"height\":768,\"caption\":\"Gimnasio La Cima\"},\"image\":{\"@id\":\"https:\/\/www.gimnasiolacima.edu.co\/web\/#\/schema\/logo\/image\/\"},\"sameAs\":[\"https:\/\/www.facebook.com\/ColegioGimnasioLaCima\"]}]}<\/script>\n<!-- \/ Yoast SEO plugin. -->","yoast_head_json":{"title":"Formaci\u00f3n Familiar - GIMNASIO LA CIMA","description":"Colegios Privados en Suba, Gimnasio La Cima ofrece Formaci\u00f3n a las Familias, Charlas Dirigidas, Amigables, Ambiente Familiar y Sano.","robots":{"index":"index","follow":"follow","max-snippet":"max-snippet:-1","max-image-preview":"max-image-preview:large","max-video-preview":"max-video-preview:-1"},"canonical":"https:\/\/www.gimnasiolacima.edu.co\/web\/formacion-familiar\/","og_locale":"es_ES","og_type":"article","og_title":"Formaci\u00f3n Familiar - GIMNASIO LA CIMA","og_description":"Colegios Privados en Suba, Gimnasio La Cima ofrece Formaci\u00f3n a las Familias, Charlas Dirigidas, Amigables, Ambiente Familiar y Sano.","og_url":"https:\/\/www.gimnasiolacima.edu.co\/web\/formacion-familiar\/","og_site_name":"GIMNASIO LA CIMA","article_publisher":"https:\/\/www.facebook.com\/ColegioGimnasioLaCima","article_modified_time":"2021-10-08T20:39:33+00:00","og_image":[{"url":"https:\/\/www.gimnasiolacima.edu.co\/web\/wp-content\/uploads\/2021\/09\/cropped-En-Tic-Confio-150x150.png","type":"","width":"","height":""}],"twitter_card":"summary_large_image","twitter_misc":{"Tiempo de lectura":"1 minuto"},"schema":{"@context":"https:\/\/schema.org","@graph":[{"@type":"WebPage","@id":"https:\/\/www.gimnasiolacima.edu.co\/web\/formacion-familiar\/","url":"https:\/\/www.gimnasiolacima.edu.co\/web\/formacion-familiar\/","name":"Formaci\u00f3n Familiar - GIMNASIO LA CIMA","isPartOf":{"@id":"https:\/\/www.gimnasiolacima.edu.co\/web\/#website"},"primaryImageOfPage":{"@id":"https:\/\/www.gimnasiolacima.edu.co\/web\/formacion-familiar\/#primaryimage"},"image":{"@id":"https:\/\/www.gimnasiolacima.edu.co\/web\/formacion-familiar\/#primaryimage"},"thumbnailUrl":"https:\/\/www.gimnasiolacima.edu.co\/web\/wp-content\/uploads\/2021\/09\/cropped-En-Tic-Confio-150x150.png","datePublished":"2021-07-14T01:33:20+00:00","dateModified":"2021-10-08T20:39:33+00:00","description":"Colegios Privados en Suba, Gimnasio La Cima ofrece Formaci\u00f3n a las Familias, Charlas Dirigidas, Amigables, Ambiente Familiar y Sano.","breadcrumb":{"@id":"https:\/\/www.gimnasiolacima.edu.co\/web\/formacion-familiar\/#breadcrumb"},"inLanguage":"es","potentialAction":[{"@type":"ReadAction","target":["https:\/\/www.gimnasiolacima.edu.co\/web\/formacion-familiar\/"]}]},{"@type":"ImageObject","inLanguage":"es","@id":"https:\/\/www.gimnasiolacima.edu.co\/web\/formacion-familiar\/#primaryimage","url":"https:\/\/www.gimnasiolacima.edu.co\/web\/wp-content\/uploads\/2021\/09\/cropped-En-Tic-Confio-150x150.png","contentUrl":"https:\/\/www.gimnasiolacima.edu.co\/web\/wp-content\/uploads\/2021\/09\/cropped-En-Tic-Confio-150x150.png"},{"@type":"BreadcrumbList","@id":"https:\/\/www.gimnasiolacima.edu.co\/web\/formacion-familiar\/#breadcrumb","itemListElement":[{"@type":"ListItem","position":1,"name":"Portada","item":"https:\/\/www.gimnasiolacima.edu.co\/web\/"},{"@type":"ListItem","position":2,"name":"Formaci\u00f3n Familiar"}]},{"@type":"WebSite","@id":"https:\/\/www.gimnasiolacima.edu.co\/web\/#website","url":"https:\/\/www.gimnasiolacima.edu.co\/web\/","name":"GIMNASIO LA CIMA","description":"Colegio Privado en Suba Biling\u00fce","publisher":{"@id":"https:\/\/www.gimnasiolacima.edu.co\/web\/#organization"},"potentialAction":[{"@type":"SearchAction","target":{"@type":"EntryPoint","urlTemplate":"https:\/\/www.gimnasiolacima.edu.co\/web\/?s={search_term_string}"},"query-input":{"@type":"PropertyValueSpecification","valueRequired":true,"valueName":"search_term_string"}}],"inLanguage":"es"},{"@type":"Organization","@id":"https:\/\/www.gimnasiolacima.edu.co\/web\/#organization","name":"Gimnasio La Cima","url":"https:\/\/www.gimnasiolacima.edu.co\/web\/","logo":{"@type":"ImageObject","inLanguage":"es","@id":"https:\/\/www.gimnasiolacima.edu.co\/web\/#\/schema\/logo\/image\/","url":"http:\/\/www.gimnasiolacima.edu.co\/web\/wp-content\/uploads\/2019\/08\/GLC-Logo-2-768x768.png","contentUrl":"http:\/\/www.gimnasiolacima.edu.co\/web\/wp-content\/uploads\/2019\/08\/GLC-Logo-2-768x768.png","width":768,"height":768,"caption":"Gimnasio La Cima"},"image":{"@id":"https:\/\/www.gimnasiolacima.edu.co\/web\/#\/schema\/logo\/image\/"},"sameAs":["https:\/\/www.facebook.com\/ColegioGimnasioLaCima"]}]}},"_links":{"self":[{"href":"https:\/\/www.gimnasiolacima.edu.co\/web\/wp-json\/wp\/v2\/pages\/5094","targetHints":{"allow":["GET"]}}],"collection":[{"href":"https:\/\/www.gimnasiolacima.edu.co\/web\/wp-json\/wp\/v2\/pages"}],"about":[{"href":"https:\/\/www.gimnasiolacima.edu.co\/web\/wp-json\/wp\/v2\/types\/page"}],"author":[{"embeddable":true,"href":"https:\/\/www.gimnasiolacima.edu.co\/web\/wp-json\/wp\/v2\/users\/2"}],"replies":[{"embeddable":true,"href":"https:\/\/www.gimnasiolacima.edu.co\/web\/wp-json\/wp\/v2\/comments?post=5094"}],"version-history":[{"count":10,"href":"https:\/\/www.gimnasiolacima.edu.co\/web\/wp-json\/wp\/v2\/pages\/5094\/revisions"}],"predecessor-version":[{"id":6967,"href":"https:\/\/www.gimnasiolacima.edu.co\/web\/wp-json\/wp\/v2\/pages\/5094\/revisions\/6967"}],"wp:attachment":[{"href":"https:\/\/www.gimnasiolacima.edu.co\/web\/wp-json\/wp\/v2\/media?parent=5094"}],"curies":[{"name":"wp","href":"https:\/\/api.w.org\/{rel}","templated":true}]}}