{"id":39,"date":"2018-09-03T13:51:34","date_gmt":"2018-09-03T13:51:34","guid":{"rendered":"http:\/\/www.gimnasiolacima.edu.co\/web\/?page_id=39-old"},"modified":"2025-03-26T15:50:25","modified_gmt":"2025-03-26T15:50:25","slug":"noticas-de-tu-colegio","status":"publish","type":"page","link":"https:\/\/www.gimnasiolacima.edu.co\/web\/conocenos\/noticas-de-tu-colegio\/","title":{"rendered":"Noticias"},"content":{"rendered":"<div data-colibri-id=\"39-c1\" class=\"style-857 style-local-39-c1 position-relative\">\n  <!---->\n  <div data-colibri-component=\"section\" data-colibri-id=\"39-c2\" id=\"initial-content\" class=\"h-section h-section-global-spacing d-flex align-items-lg-center align-items-md-center align-items-center style-858 style-local-39-c2 position-relative\">\n    <!---->\n    <!---->\n    <div class=\"h-section-grid-container h-section-boxed-container\">\n      <!---->\n      <div data-colibri-id=\"39-c3\" class=\"h-row-container gutters-row-lg-2 gutters-row-md-2 gutters-row-0 gutters-row-v-lg-2 gutters-row-v-md-2 gutters-row-v-2 style-1131 style-local-39-c3 position-relative\">\n        <!---->\n        <div class=\"h-row justify-content-lg-center justify-content-md-center justify-content-center align-items-lg-stretch align-items-md-stretch align-items-stretch gutters-col-lg-2 gutters-col-md-2 gutters-col-0 gutters-col-v-lg-2 gutters-col-v-md-2 gutters-col-v-2\">\n          <!---->\n          <div class=\"h-column h-column-container d-flex h-col-lg-auto h-col-md-auto h-col-auto style-1132-outer style-local-39-c4-outer\">\n            <div data-colibri-id=\"39-c4\" class=\"d-flex h-flex-basis h-column__inner h-px-lg-2 h-px-md-2 h-px-2 v-inner-lg-2 v-inner-md-2 v-inner-2 style-1132 style-local-39-c4 position-relative\">\n              <!---->\n              <!---->\n              <div class=\"w-100 h-y-container h-column__content h-column__v-align flex-basis-100 align-self-lg-start align-self-md-start align-self-start\">\n                <!---->\n                <div data-colibri-id=\"39-c5\" class=\"h-global-transition-all h-heading style-1134 style-local-39-c5 position-relative h-element\">\n                  <!---->\n                  <div class=\"h-heading__outer style-1134 style-local-39-c5\">\n                    <!---->\n                    <!---->\n                    <h3 class=\"\">En el 2025 el GLC al 100%<\/h3>\n                  <\/div>\n                <\/div>\n              <\/div>\n            <\/div>\n          <\/div>\n        <\/div>\n      <\/div>\n      <div data-colibri-id=\"39-c6\" class=\"h-row-container gutters-row-lg-2 gutters-row-md-2 gutters-row-0 gutters-row-v-lg-2 gutters-row-v-md-2 gutters-row-v-2 style-4171 style-local-39-c6 position-relative\">\n        <!---->\n        <div class=\"h-row justify-content-lg-center justify-content-md-center justify-content-center align-items-lg-stretch align-items-md-stretch align-items-stretch gutters-col-lg-2 gutters-col-md-2 gutters-col-0 gutters-col-v-lg-2 gutters-col-v-md-2 gutters-col-v-2\">\n          <!---->\n          <div class=\"h-column h-column-container d-flex h-col-lg-auto h-col-md-auto h-col-auto style-4172-outer style-local-39-c7-outer\">\n            <div data-colibri-id=\"39-c7\" class=\"d-flex h-flex-basis h-column__inner h-ui-empty-state-container h-px-lg-2 h-px-md-2 h-px-2 v-inner-lg-2 v-inner-md-2 v-inner-2 style-4172 style-local-39-c7 position-relative\">\n              <!---->\n              <!---->\n              <div class=\"w-100 h-y-container h-column__content h-column__v-align flex-basis-100\">\n                <!---->\n              <\/div>\n            <\/div>\n          <\/div>\n        <\/div>\n      <\/div>\n      <div data-colibri-id=\"39-c8\" class=\"h-row-container gutters-row-lg-2 gutters-row-md-2 gutters-row-0 gutters-row-v-lg-2 gutters-row-v-md-2 gutters-row-v-2 style-4289 style-local-39-c8 position-relative\">\n        <!---->\n        <div class=\"h-row justify-content-lg-center justify-content-md-center justify-content-center align-items-lg-stretch align-items-md-stretch align-items-stretch gutters-col-lg-2 gutters-col-md-2 gutters-col-0 gutters-col-v-lg-2 gutters-col-v-md-2 gutters-col-v-2\">\n          <!---->\n          <div class=\"h-column h-column-container d-flex h-col-lg-auto h-col-md-auto h-col-auto style-4290-outer style-local-39-c9-outer\">\n            <div data-colibri-id=\"39-c9\" class=\"d-flex h-flex-basis h-column__inner h-px-lg-2 h-px-md-2 h-px-2 v-inner-lg-2 v-inner-md-2 v-inner-2 style-4290 style-local-39-c9 position-relative\">\n              <!---->\n              <!---->\n              <div class=\"w-100 h-y-container h-column__content h-column__v-align flex-basis-100 align-self-lg-start align-self-md-start align-self-start\">\n                <!---->\n                <div data-colibri-id=\"39-c10\" class=\"h-text h-text-component style-4183 style-local-39-c10 position-relative h-element\">\n                  <!---->\n                  <!---->\n                  <div class=\"\">\n                    <p>Comunicado semana 0<\/p>\n                    <p>En el 2025 el GLC al 100%<\/p>\n                    <p>\u00a1BIENVENIDOS AL GLC 2025 !<\/p>\n                    <p>Estimados estudiantes y padres de familia para el Gimnasio La Cima es un honor y un motivo de gran alegr\u00eda&nbsp;darles la bienvenida a \u00e9ste&nbsp;a\u00f1o acad\u00e9mico. Gracias por la confianza que depositan en nosotros. Deseamos que sea un\n                      a\u00f1o lleno de grandes experiencias, retos y sobre todo de mucha felicidad.&nbsp;&nbsp;<\/p>\n                    <p>\n                      <br>\n                    <\/p>\n                    <p>&nbsp;&nbsp;&nbsp;&nbsp;&nbsp;&nbsp;&nbsp;&nbsp;&nbsp;<\/p>\n                    <p>&nbsp;&nbsp;&nbsp;&nbsp;&nbsp;&nbsp;&nbsp;&nbsp;&nbsp;&nbsp;&nbsp;&nbsp;&nbsp;&nbsp;&nbsp;&nbsp;&nbsp;&nbsp;&nbsp;&nbsp;&nbsp;&nbsp;&nbsp;&nbsp;&nbsp;&nbsp;&nbsp;&nbsp;&nbsp;&nbsp;&nbsp;&nbsp;&nbsp;&nbsp;&nbsp;&nbsp;&nbsp;&nbsp;&nbsp;&nbsp;&nbsp;&nbsp;&nbsp;&nbsp;&nbsp;&nbsp;&nbsp;&nbsp;&nbsp;&nbsp;&nbsp;&nbsp;&nbsp;&nbsp;&nbsp;&nbsp;&nbsp;&nbsp;&nbsp;&nbsp;&nbsp;&nbsp;&nbsp;&nbsp;&nbsp;&nbsp;&nbsp;&nbsp;&nbsp;&nbsp;&nbsp;&nbsp;&nbsp;&nbsp;&nbsp;&nbsp;<\/p>\n                    <p>Les pedimos tener en cuenta esta informaci\u00f3n:<\/p>\n                    <p>1\u00b0 Acercamiento familiar con el director de curso. El s\u00e1bado 3 de febrero los padres tienen la oportunidad de conocer al l\u00edder de curso de los estudiantes e interactuar con \u00e9l aportando sugerencias respecto al desarrollo y formaci\u00f3n\n                      del estudiante. Para tal efecto, se debe&nbsp;solicitar la cita mediante el formulario de se encuentra en la p\u00e1gina web del colegio as\u00ed:<\/p>\n                    <p>1\u00b0 Ingresar a la p\u00e1gina web:&nbsp;\n                      <a href=\"https:\/\/www.gimnasiolacima.edu.co\" class=\"customize-unpreviewable\">www.gimnasiolacima.edu.co<\/a>\n                    <\/p>\n                    <p>2\u00b0 Ingresar a la ventana ESTUDIANTES GLC<\/p>\n                    <p>3\u00b0 Ingresar a la ventana \u201cCorreos Estudiantes Nuevos\u201d y elegir el correo del estudiante.<\/p>\n                    <p>4\u00b0 Abrir una sesi\u00f3n de gmail con el correo del estudiante, asegurarse de no tener m\u00e1s sesiones de gmail abiertas.<\/p>\n                    <p>5\u00b0 Ingresar el correo institucional del estudiante a la sesi\u00f3n de gmail.( Le va pedir cambio de clave.) Asignar nueva clave.<\/p>\n                    <p>6\u00b0Ingresar con el correo institucional al link&nbsp;https:\/\/www.gimnasiolacima.edu.co\/web\/familiaglc\/<\/p>\n                    <p>7\u00b0 Desplazarse hacia abajo, hasta encontrar \u201cSolicita tu cita para el s\u00e1bado 3 de febrero\u201d<\/p>\n                    <p>8\u00b0 Ingresar al cuadro que corresponde al n\u00famero del curso del estudiante.<\/p>\n                    <p>9\u00b0 Diligenciar el formulario y darle Enviar<\/p>\n                    <p>10\u00b0 Asistir al colegio el s\u00e1bado seg\u00fan la hora elegida. El tiempo de cada entrevista es de 10 minutos, por lo que les solicitamos su puntualidad.<\/p>\n                    <p>\n                      <br>\n                    <\/p>\n                    <p>2\u00b0 Asamblea general de padres: el s\u00e1bado 3 de febrero se realizar\u00e1 la primera asamblea&nbsp;de padres en estos horarios:<\/p>\n                    <p>Preescolar y primaria: 8:a.m.<\/p>\n                    <p>Bachillerato: 10:00 a.m.<\/p>\n                    <p>Con grado 11\u00b0 se realizar\u00e1 una reuni\u00f3n despu\u00e9s de la asamblea general para establecer procesos propios del curso durante el transcurso del a\u00f1o.<\/p>\n                    <p>Les agradecemos su asistencia, ya que es la oportunidad de conocer a los docentes y generar el primer acercamiento con el director de curso, as\u00ed como de relacionarse con los procesos y proyectos del GLC y de cada grado.<\/p>\n                    <p>Les solicitamos ser puntuales ya que se dar\u00e1 inicio a las reuniones en los tiempos establecidos.<\/p>\n                    <p>\n                      <br>\n                    <\/p>\n                    <p>3\u00b0Lista de \u00fatiles: La lista se&nbsp;est\u00e1 enviando al whatsapp de los padres en el momento de la matr\u00edcula, si a\u00fan no la tienen por favor enviar un mensaje al whatsapp del colegio y les ser\u00e1 enviada.&nbsp;Desde Primero hasta Und\u00e9cimo\n                      se incluye \u00abMartes de Prueba\u00bb y las pruebas de ingl\u00e9s Cambridge,&nbsp;como herramientas para el mejoramiento en las habilidades de los estudiantes.&nbsp;&nbsp;<\/p>\n                    <p>&nbsp;<\/p>\n                    <p>4\u00b0 Uniformes: Se pueden adquirir en:<\/p>\n                    <ul>\n                      <li>Arte y detalles Magoo, Calle 142 N\u00b0131-11.<\/li>\n                    <\/ul>\n                    <p>&nbsp;Tel\u00e9fono 3204079039, Se\u00f1ora Leonor Rodriguez.<\/p>\n                    <ul>\n                      <li>Paola Rivera, Transversal 127A N\u00b0137A-53<\/li>\n                    <\/ul>\n                    <p>Barrio Tibabuyes Universal&nbsp;Tel\u00e9fono: 3167209924<\/p>\n                    <p>Se recomienda&nbsp;mandarlos&nbsp;a hacer con suficiente antelaci\u00f3n (la entrega se realiza en tres semanas).&nbsp;<\/p>\n                    <p>5\u00b0 Horario de clases: El horario de clases se publicar\u00e1 el viernes en la p\u00e1gina web del colegio, en la ventana \u201cESTUDIANTES\u201d<\/p>\n                    <p>\n                      <br>\n                    <\/p>\n                    <p>\n                      <br>\n                    <\/p>\n                    <p>6\u00b0 Matr\u00edculas pendientes:&nbsp;El proceso de matr\u00edculas se puede realizar de 7:00 am a 3:00 pm.&nbsp;de lunes a viernes. Recuerden asistir con el soporte de pago y la documentaci\u00f3n requerida:<\/p>\n                    <p>Preescolar y Primaria<\/p>\n                    <p>-Bolet\u00edn con el&nbsp;promovido al a\u00f1o siguiente. (Solo para alumnos nuevos)<\/p>\n                    <p>-Retiro del Simat (Solo para alumnos nuevos)<\/p>\n                    <p>-Registro civil hasta los siete a\u00f1os.<\/p>\n                    <p>-Tarjeta de identidad de 7 a 14 a\u00f1os.<\/p>\n                    <p>&#8211; Certificado de afiliaci\u00f3n a EPS, salud prepagada o Sisben (Todos los estudiantes)<\/p>\n                    <p>&#8211; Fotocopia del \u00faltimo recibo de servicios p\u00fablicos (Agua, energ\u00eda o gas del lugar donde reside)<\/p>\n                    <p>-Fotocopia de la c\u00e9dula de padre y madre de familia responsable.<\/p>\n                    <p>-Fotocopia Carnet de vacunas.<\/p>\n                    <p>-Paz y salvo del colegio anterior.(solo para estudiantes nuevos)<\/p>\n                    <p>Bachillerato:<\/p>\n                    <p>-Bolet\u00edn con el&nbsp;promovido al a\u00f1o siguiente. (Solo para alumnos nuevos).<\/p>\n                    <p>-Retiro del Simat (Solo para alumnos nuevos)<\/p>\n                    <p>-Tarjeta de identidad de 7 a 14 a\u00f1os.<\/p>\n                    <p>-Renovaci\u00f3n tarjeta de identidad de 15 a 17 a\u00f1os.<\/p>\n                    <p>&#8211; Certificado de afiliaci\u00f3n a eps, salud prepagada o sisben (Todos los estudiantes)<\/p>\n                    <p>&#8211; Fotocopia del \u00faltimo recibo de servicios p\u00fablicos (Agua, energ\u00eda o gas del lugar donde reside)<\/p>\n                    <p>-Fotocopia de la c\u00e9dula del padre o madre de familia responsable.<\/p>\n                    <p>-Fotocopia Carnet de vacunas.<\/p>\n                    <p>-Para grado noveno certificados de Quinto hasta Octavo. (Solo para alumnos nuevos).<\/p>\n                    <p>-Para grado und\u00e9cimo certificados de Quinto a D\u00e9cimo. (Solo para alumnos nuevos).<\/p>\n                    <p>-Constancia de servicio social. (Para grado Und\u00e9cimo). (Solo para alumnos nuevos).<\/p>\n                    <p>-Paz y salvo del colegio anterior. (Solo para alumnos nuevos).<\/p>\n                    <p>&nbsp;Fotocopia del documento de identidad del estudiante y los padres o acudientes,&nbsp;&nbsp;<\/p>\n                    <p>&nbsp;<\/p>\n                    <p>&nbsp;7\u00b0&nbsp;Plan Referidos: \u00a1No deje pasar la oportunidad!&nbsp;<\/p>\n                    <p>Los invitamos a aprovechar la oportunidad de obtener&nbsp;descuentos acogi\u00e9ndose a nuestra propuesta de plan referidos.<\/p>\n                    <p>&nbsp;&nbsp;&nbsp;&nbsp;&nbsp;&nbsp;&nbsp;&nbsp;&nbsp;&nbsp;&nbsp;&nbsp;&nbsp;&nbsp;&nbsp;&nbsp;&nbsp;&nbsp;&nbsp;&nbsp;&nbsp;&nbsp;&nbsp;&nbsp;&nbsp;&nbsp;&nbsp;&nbsp;&nbsp;<\/p>\n                    <p>\n                      <br>\n                    <\/p>\n                    <p>\n                      <br>\n                    <\/p>\n                  <\/div>\n                <\/div>\n              <\/div>\n            <\/div>\n          <\/div>\n        <\/div>\n      <\/div>\n      <div data-colibri-id=\"39-c11\" class=\"h-row-container gutters-row-lg-2 gutters-row-md-2 gutters-row-0 gutters-row-v-lg-2 gutters-row-v-md-2 gutters-row-v-2 style-4173 style-local-39-c11 position-relative\">\n        <!---->\n        <div class=\"h-row justify-content-lg-center justify-content-md-center justify-content-center align-items-lg-stretch align-items-md-stretch align-items-stretch gutters-col-lg-2 gutters-col-md-2 gutters-col-0 gutters-col-v-lg-2 gutters-col-v-md-2 gutters-col-v-2\">\n          <!---->\n          <div class=\"h-column h-column-container d-flex h-col-lg-auto h-col-md-auto h-col-auto style-4174-outer style-local-39-c12-outer\">\n            <div data-colibri-id=\"39-c12\" class=\"d-flex h-flex-basis h-column__inner h-ui-empty-state-container h-px-lg-2 h-px-md-2 h-px-2 v-inner-lg-2 v-inner-md-2 v-inner-2 style-4174 style-local-39-c12 position-relative\">\n              <!---->\n              <!---->\n              <div class=\"w-100 h-y-container h-column__content h-column__v-align flex-basis-100\">\n                <!---->\n              <\/div>\n            <\/div>\n          <\/div>\n        <\/div>\n      <\/div>\n      <div data-colibri-id=\"39-c13\" class=\"h-row-container gutters-row-lg-2 gutters-row-md-2 gutters-row-0 gutters-row-v-lg-2 gutters-row-v-md-2 gutters-row-v-2 style-3805 style-local-39-c13 position-relative\">\n        <!---->\n        <div class=\"h-row justify-content-lg-center justify-content-md-center justify-content-center align-items-lg-stretch align-items-md-stretch align-items-stretch gutters-col-lg-2 gutters-col-md-2 gutters-col-0 gutters-col-v-lg-2 gutters-col-v-md-2 gutters-col-v-2\">\n          <!---->\n          <div class=\"h-column h-column-container d-flex h-col-lg-auto h-col-md-auto h-col-auto style-3806-outer style-local-39-c14-outer\">\n            <div data-colibri-id=\"39-c14\" class=\"d-flex h-flex-basis h-column__inner h-ui-empty-state-container h-px-lg-2 h-px-md-2 h-px-2 v-inner-lg-2 v-inner-md-2 v-inner-2 style-3806 style-local-39-c14 position-relative\">\n              <!---->\n              <!---->\n              <div class=\"w-100 h-y-container h-column__content h-column__v-align flex-basis-100\">\n                <!---->\n              <\/div>\n            <\/div>\n          <\/div>\n        <\/div>\n      <\/div>\n      <div data-colibri-id=\"39-c16\" class=\"h-row-container gutters-row-lg-2 gutters-row-md-2 gutters-row-0 gutters-row-v-lg-2 gutters-row-v-md-2 gutters-row-v-2 style-3939 style-local-39-c16 position-relative\">\n        <!---->\n        <div class=\"h-row justify-content-lg-center justify-content-md-center justify-content-center align-items-lg-stretch align-items-md-stretch align-items-stretch gutters-col-lg-2 gutters-col-md-2 gutters-col-0 gutters-col-v-lg-2 gutters-col-v-md-2 gutters-col-v-2\">\n          <!---->\n          <div class=\"h-column h-column-container d-flex h-col-lg-auto h-col-md-auto h-col-auto style-3940-outer style-local-39-c17-outer\">\n            <div data-colibri-id=\"39-c17\" class=\"d-flex h-flex-basis h-column__inner h-ui-empty-state-container h-px-lg-2 h-px-md-2 h-px-2 v-inner-lg-2 v-inner-md-2 v-inner-2 style-3940 style-local-39-c17 position-relative\">\n              <!---->\n              <!---->\n              <div class=\"w-100 h-y-container h-column__content h-column__v-align flex-basis-100\">\n                <!---->\n              <\/div>\n            <\/div>\n          <\/div>\n        <\/div>\n      <\/div>\n      <div data-colibri-id=\"39-c19\" class=\"h-row-container gutters-row-lg-2 gutters-row-md-2 gutters-row-0 gutters-row-v-lg-2 gutters-row-v-md-2 gutters-row-v-2 style-1144 style-local-39-c19 position-relative\">\n        <!---->\n        <div class=\"h-row justify-content-lg-center justify-content-md-center justify-content-center align-items-lg-stretch align-items-md-stretch align-items-stretch gutters-col-lg-2 gutters-col-md-2 gutters-col-0 gutters-col-v-lg-2 gutters-col-v-md-2 gutters-col-v-2\">\n          <!---->\n          <div class=\"h-column h-column-container d-flex h-col-lg-auto h-col-md-auto h-col-auto style-1145-outer style-local-39-c20-outer\">\n            <div data-colibri-id=\"39-c20\" class=\"d-flex h-flex-basis h-column__inner h-px-lg-2 h-px-md-2 h-px-2 v-inner-lg-2 v-inner-md-2 v-inner-2 style-1145 style-local-39-c20 position-relative\">\n              <!---->\n              <!---->\n              <div class=\"w-100 h-y-container h-column__content h-column__v-align flex-basis-100 align-self-lg-start align-self-md-start align-self-start\">\n                <!---->\n                <div data-colibri-id=\"39-c21\" class=\"h-x-container style-3617 style-local-39-c21 position-relative h-element\">\n                  <!---->\n                  <div class=\"h-x-container-inner style-dynamic-39-c21-group style-3617-spacing style-local-39-c21-spacing\"><span class=\"h-button__outer style-3618-outer style-local-39-c22-outer d-inline-flex h-element\"><a h-use-smooth-scroll=\"true\" href=\"https:\/\/www.gimnasiolacima.edu.co\/web\/contactanos\/\"  data-colibri-id=\"39-c22\" class=\"d-flex w-100 align-items-center h-button justify-content-lg-center justify-content-md-center justify-content-center style-3618 style-local-39-c22 position-relative\"><!----><!----> <span>Cont\u00e1ctanos<\/span><\/a>\n                    <\/span>\n                  <\/div>\n                <\/div>\n              <\/div>\n            <\/div>\n          <\/div>\n        <\/div>\n      <\/div>\n    <\/div>\n  <\/div>\n<\/div>","protected":false},"excerpt":{"rendered":"<p>En el 2025 el GLC al 100% Comunicado semana 0 En el 2025 el GLC al 100% \u00a1BIENVENIDOS AL GLC 2025 ! Estimados estudiantes y padres de familia para el Gimnasio La Cima es un honor y un motivo de gran alegr\u00eda&nbsp;darles la bienvenida a \u00e9ste&nbsp;a\u00f1o acad\u00e9mico. Gracias por la confianza que depositan en nosotros. [&hellip;]<\/p>\n","protected":false},"author":2,"featured_media":0,"parent":2598,"menu_order":0,"comment_status":"closed","ping_status":"closed","template":"page-templates\/full-width-page.php","meta":{"content-type":"","footnotes":""},"class_list":["post-39","page","type-page","status-publish","hentry"],"yoast_head":"<!-- This site is optimized with the Yoast SEO plugin v26.5 - https:\/\/yoast.com\/wordpress\/plugins\/seo\/ -->\n<title>Noticias - GIMNASIO LA CIMA<\/title>\n<meta name=\"description\" content=\"Colegios en Suba Privados, Noticias para estudiantes de Preescolar, Primaria y Bachillerato, Apartado de Informaci\u00f3n.\" \/>\n<meta name=\"robots\" content=\"index, follow, max-snippet:-1, max-image-preview:large, max-video-preview:-1\" \/>\n<link rel=\"canonical\" href=\"https:\/\/www.gimnasiolacima.edu.co\/web\/conocenos\/noticas-de-tu-colegio\/\" \/>\n<meta property=\"og:locale\" content=\"es_ES\" \/>\n<meta property=\"og:type\" content=\"article\" \/>\n<meta property=\"og:title\" content=\"Noticias - GIMNASIO LA CIMA\" \/>\n<meta property=\"og:description\" content=\"Colegios en Suba Privados, Noticias para estudiantes de Preescolar, Primaria y Bachillerato, Apartado de Informaci\u00f3n.\" \/>\n<meta property=\"og:url\" content=\"https:\/\/www.gimnasiolacima.edu.co\/web\/conocenos\/noticas-de-tu-colegio\/\" \/>\n<meta property=\"og:site_name\" content=\"GIMNASIO LA CIMA\" \/>\n<meta property=\"article:publisher\" content=\"https:\/\/www.facebook.com\/ColegioGimnasioLaCima\" \/>\n<meta property=\"article:modified_time\" content=\"2025-03-26T15:50:25+00:00\" \/>\n<meta name=\"twitter:card\" content=\"summary_large_image\" \/>\n<meta name=\"twitter:label1\" content=\"Tiempo de lectura\" \/>\n\t<meta name=\"twitter:data1\" content=\"5 minutos\" \/>\n<script type=\"application\/ld+json\" class=\"yoast-schema-graph\">{\"@context\":\"https:\/\/schema.org\",\"@graph\":[{\"@type\":\"WebPage\",\"@id\":\"https:\/\/www.gimnasiolacima.edu.co\/web\/conocenos\/noticas-de-tu-colegio\/\",\"url\":\"https:\/\/www.gimnasiolacima.edu.co\/web\/conocenos\/noticas-de-tu-colegio\/\",\"name\":\"Noticias - GIMNASIO LA CIMA\",\"isPartOf\":{\"@id\":\"https:\/\/www.gimnasiolacima.edu.co\/web\/#website\"},\"datePublished\":\"2018-09-03T13:51:34+00:00\",\"dateModified\":\"2025-03-26T15:50:25+00:00\",\"description\":\"Colegios en Suba Privados, Noticias para estudiantes de Preescolar, Primaria y Bachillerato, Apartado de Informaci\u00f3n.\",\"breadcrumb\":{\"@id\":\"https:\/\/www.gimnasiolacima.edu.co\/web\/conocenos\/noticas-de-tu-colegio\/#breadcrumb\"},\"inLanguage\":\"es\",\"potentialAction\":[{\"@type\":\"ReadAction\",\"target\":[\"https:\/\/www.gimnasiolacima.edu.co\/web\/conocenos\/noticas-de-tu-colegio\/\"]}]},{\"@type\":\"BreadcrumbList\",\"@id\":\"https:\/\/www.gimnasiolacima.edu.co\/web\/conocenos\/noticas-de-tu-colegio\/#breadcrumb\",\"itemListElement\":[{\"@type\":\"ListItem\",\"position\":1,\"name\":\"Portada\",\"item\":\"https:\/\/www.gimnasiolacima.edu.co\/web\/\"},{\"@type\":\"ListItem\",\"position\":2,\"name\":\"Con\u00f3cenos\",\"item\":\"https:\/\/www.gimnasiolacima.edu.co\/web\/conocenos\/\"},{\"@type\":\"ListItem\",\"position\":3,\"name\":\"Noticias\"}]},{\"@type\":\"WebSite\",\"@id\":\"https:\/\/www.gimnasiolacima.edu.co\/web\/#website\",\"url\":\"https:\/\/www.gimnasiolacima.edu.co\/web\/\",\"name\":\"GIMNASIO LA CIMA\",\"description\":\"Colegio Privado en Suba Biling\u00fce\",\"publisher\":{\"@id\":\"https:\/\/www.gimnasiolacima.edu.co\/web\/#organization\"},\"potentialAction\":[{\"@type\":\"SearchAction\",\"target\":{\"@type\":\"EntryPoint\",\"urlTemplate\":\"https:\/\/www.gimnasiolacima.edu.co\/web\/?s={search_term_string}\"},\"query-input\":{\"@type\":\"PropertyValueSpecification\",\"valueRequired\":true,\"valueName\":\"search_term_string\"}}],\"inLanguage\":\"es\"},{\"@type\":\"Organization\",\"@id\":\"https:\/\/www.gimnasiolacima.edu.co\/web\/#organization\",\"name\":\"Gimnasio La Cima\",\"url\":\"https:\/\/www.gimnasiolacima.edu.co\/web\/\",\"logo\":{\"@type\":\"ImageObject\",\"inLanguage\":\"es\",\"@id\":\"https:\/\/www.gimnasiolacima.edu.co\/web\/#\/schema\/logo\/image\/\",\"url\":\"http:\/\/www.gimnasiolacima.edu.co\/web\/wp-content\/uploads\/2019\/08\/GLC-Logo-2-768x768.png\",\"contentUrl\":\"http:\/\/www.gimnasiolacima.edu.co\/web\/wp-content\/uploads\/2019\/08\/GLC-Logo-2-768x768.png\",\"width\":768,\"height\":768,\"caption\":\"Gimnasio La Cima\"},\"image\":{\"@id\":\"https:\/\/www.gimnasiolacima.edu.co\/web\/#\/schema\/logo\/image\/\"},\"sameAs\":[\"https:\/\/www.facebook.com\/ColegioGimnasioLaCima\"]}]}<\/script>\n<!-- \/ Yoast SEO plugin. -->","yoast_head_json":{"title":"Noticias - GIMNASIO LA CIMA","description":"Colegios en Suba Privados, Noticias para estudiantes de Preescolar, Primaria y Bachillerato, Apartado de Informaci\u00f3n.","robots":{"index":"index","follow":"follow","max-snippet":"max-snippet:-1","max-image-preview":"max-image-preview:large","max-video-preview":"max-video-preview:-1"},"canonical":"https:\/\/www.gimnasiolacima.edu.co\/web\/conocenos\/noticas-de-tu-colegio\/","og_locale":"es_ES","og_type":"article","og_title":"Noticias - GIMNASIO LA CIMA","og_description":"Colegios en Suba Privados, Noticias para estudiantes de Preescolar, Primaria y Bachillerato, Apartado de Informaci\u00f3n.","og_url":"https:\/\/www.gimnasiolacima.edu.co\/web\/conocenos\/noticas-de-tu-colegio\/","og_site_name":"GIMNASIO LA CIMA","article_publisher":"https:\/\/www.facebook.com\/ColegioGimnasioLaCima","article_modified_time":"2025-03-26T15:50:25+00:00","twitter_card":"summary_large_image","twitter_misc":{"Tiempo de lectura":"5 minutos"},"schema":{"@context":"https:\/\/schema.org","@graph":[{"@type":"WebPage","@id":"https:\/\/www.gimnasiolacima.edu.co\/web\/conocenos\/noticas-de-tu-colegio\/","url":"https:\/\/www.gimnasiolacima.edu.co\/web\/conocenos\/noticas-de-tu-colegio\/","name":"Noticias - GIMNASIO LA CIMA","isPartOf":{"@id":"https:\/\/www.gimnasiolacima.edu.co\/web\/#website"},"datePublished":"2018-09-03T13:51:34+00:00","dateModified":"2025-03-26T15:50:25+00:00","description":"Colegios en Suba Privados, Noticias para estudiantes de Preescolar, Primaria y Bachillerato, Apartado de Informaci\u00f3n.","breadcrumb":{"@id":"https:\/\/www.gimnasiolacima.edu.co\/web\/conocenos\/noticas-de-tu-colegio\/#breadcrumb"},"inLanguage":"es","potentialAction":[{"@type":"ReadAction","target":["https:\/\/www.gimnasiolacima.edu.co\/web\/conocenos\/noticas-de-tu-colegio\/"]}]},{"@type":"BreadcrumbList","@id":"https:\/\/www.gimnasiolacima.edu.co\/web\/conocenos\/noticas-de-tu-colegio\/#breadcrumb","itemListElement":[{"@type":"ListItem","position":1,"name":"Portada","item":"https:\/\/www.gimnasiolacima.edu.co\/web\/"},{"@type":"ListItem","position":2,"name":"Con\u00f3cenos","item":"https:\/\/www.gimnasiolacima.edu.co\/web\/conocenos\/"},{"@type":"ListItem","position":3,"name":"Noticias"}]},{"@type":"WebSite","@id":"https:\/\/www.gimnasiolacima.edu.co\/web\/#website","url":"https:\/\/www.gimnasiolacima.edu.co\/web\/","name":"GIMNASIO LA CIMA","description":"Colegio Privado en Suba Biling\u00fce","publisher":{"@id":"https:\/\/www.gimnasiolacima.edu.co\/web\/#organization"},"potentialAction":[{"@type":"SearchAction","target":{"@type":"EntryPoint","urlTemplate":"https:\/\/www.gimnasiolacima.edu.co\/web\/?s={search_term_string}"},"query-input":{"@type":"PropertyValueSpecification","valueRequired":true,"valueName":"search_term_string"}}],"inLanguage":"es"},{"@type":"Organization","@id":"https:\/\/www.gimnasiolacima.edu.co\/web\/#organization","name":"Gimnasio La Cima","url":"https:\/\/www.gimnasiolacima.edu.co\/web\/","logo":{"@type":"ImageObject","inLanguage":"es","@id":"https:\/\/www.gimnasiolacima.edu.co\/web\/#\/schema\/logo\/image\/","url":"http:\/\/www.gimnasiolacima.edu.co\/web\/wp-content\/uploads\/2019\/08\/GLC-Logo-2-768x768.png","contentUrl":"http:\/\/www.gimnasiolacima.edu.co\/web\/wp-content\/uploads\/2019\/08\/GLC-Logo-2-768x768.png","width":768,"height":768,"caption":"Gimnasio La Cima"},"image":{"@id":"https:\/\/www.gimnasiolacima.edu.co\/web\/#\/schema\/logo\/image\/"},"sameAs":["https:\/\/www.facebook.com\/ColegioGimnasioLaCima"]}]}},"_links":{"self":[{"href":"https:\/\/www.gimnasiolacima.edu.co\/web\/wp-json\/wp\/v2\/pages\/39","targetHints":{"allow":["GET"]}}],"collection":[{"href":"https:\/\/www.gimnasiolacima.edu.co\/web\/wp-json\/wp\/v2\/pages"}],"about":[{"href":"https:\/\/www.gimnasiolacima.edu.co\/web\/wp-json\/wp\/v2\/types\/page"}],"author":[{"embeddable":true,"href":"https:\/\/www.gimnasiolacima.edu.co\/web\/wp-json\/wp\/v2\/users\/2"}],"replies":[{"embeddable":true,"href":"https:\/\/www.gimnasiolacima.edu.co\/web\/wp-json\/wp\/v2\/comments?post=39"}],"version-history":[{"count":20,"href":"https:\/\/www.gimnasiolacima.edu.co\/web\/wp-json\/wp\/v2\/pages\/39\/revisions"}],"predecessor-version":[{"id":8734,"href":"https:\/\/www.gimnasiolacima.edu.co\/web\/wp-json\/wp\/v2\/pages\/39\/revisions\/8734"}],"up":[{"embeddable":true,"href":"https:\/\/www.gimnasiolacima.edu.co\/web\/wp-json\/wp\/v2\/pages\/2598"}],"wp:attachment":[{"href":"https:\/\/www.gimnasiolacima.edu.co\/web\/wp-json\/wp\/v2\/media?parent=39"}],"curies":[{"name":"wp","href":"https:\/\/api.w.org\/{rel}","templated":true}]}}